{"id":1304,"date":"2021-03-27T15:27:41","date_gmt":"2021-03-27T14:27:41","guid":{"rendered":"https:\/\/camping-le-puigmal.fr\/benvinguda-al-camping\/protocol-sanitari\/"},"modified":"2021-06-24T11:11:56","modified_gmt":"2021-06-24T10:11:56","slug":"protocol-sanitari","status":"publish","type":"page","link":"https:\/\/camping-le-puigmal.fr\/ca\/benvinguda-al-camping\/protocol-sanitari\/","title":{"rendered":"Protocol sanitari"},"content":{"rendered":"\t\t<div data-elementor-type=\"wp-page\" data-elementor-id=\"1304\" class=\"elementor elementor-1304 elementor-841\">\n\t\t\t\t\t\t<section class=\"elementor-section elementor-top-section elementor-element elementor-element-dbb2905 elementor-section-boxed elementor-section-height-default elementor-section-height-default\" data-id=\"dbb2905\" data-element_type=\"section\" data-e-type=\"section\">\n\t\t\t\t\t\t<div class=\"elementor-container elementor-column-gap-default\">\n\t\t\t\t\t<div class=\"elementor-column elementor-col-100 elementor-top-column elementor-element elementor-element-551f197d\" data-id=\"551f197d\" data-element_type=\"column\" data-e-type=\"column\">\n\t\t\t<div class=\"elementor-widget-wrap elementor-element-populated\">\n\t\t\t\t\t\t<div class=\"elementor-element elementor-element-5e134d6e elementor-widget elementor-widget-text-editor\" data-id=\"5e134d6e\" data-element_type=\"widget\" data-e-type=\"widget\" data-widget_type=\"text-editor.default\">\n\t\t\t\t<div class=\"elementor-widget-container\">\n\t\t\t\t\t\t\t\t\t<p><span style=\"color: #000000;\">Per poder-vos <strong>acollir en les millors condicions possibles<\/strong>, apliquem protocol sanitari del Govern i els \u00f2rgans professionals del turisme.<\/span><\/p>\n<p><span style=\"color: #000000;\">Tenim <strong>a la vostra disposici\u00f3 gel hidroalcoholic<\/strong> en diferents punts del c\u00e0mping. S&#8217;ha posat en marxa <strong>una direcci\u00f3 de circulaci\u00f3<\/strong> per no creuar les instal\u00b7lacions. A m\u00e9s, <strong>refor\u00e7em la neteja dels sanitaris<\/strong> amb un producte desinfectant.<\/span><\/p>\n<p><span style=\"color: #000000;\"><strong>Els bungalows es ventilen despr\u00e9s de cada lloguer<\/strong> i apliquem un <strong>producte desinfectant en punts de contacte.<\/strong><\/span><\/p>\n<p><span style=\"color: #000000;\"><strong>L&#8217;acc\u00e9s a la recepci\u00f3 est\u00e0 regulat<\/strong>, m\u00e0scareta obligat\u00f2ria i una persona a la vegada d&#8217;acord amb les normes de salut.<\/span><\/p>\n<p><span style=\"color: #000000;\"><a style=\"color: #000000;\" href=\"https:\/\/www.camping-le-puigmal.fr\/wp-content\/uploads\/2020\/07\/Covid.jpg\" data-rel=\"lightbox-image-0\" data-rl_title=\"\" data-rl_caption=\"\" title=\"\"><img fetchpriority=\"high\" decoding=\"async\" class=\"aligncenter wp-image-842 size-large\" src=\"https:\/\/www.camping-le-puigmal.fr\/wp-content\/uploads\/2020\/07\/Covid-1024x611.jpg\" alt=\"\" width=\"1024\" height=\"611\" srcset=\"https:\/\/camping-le-puigmal.fr\/wp-content\/uploads\/2020\/07\/Covid-1024x611.jpg 1024w, https:\/\/camping-le-puigmal.fr\/wp-content\/uploads\/2020\/07\/Covid-300x179.jpg 300w, https:\/\/camping-le-puigmal.fr\/wp-content\/uploads\/2020\/07\/Covid-768x458.jpg 768w, https:\/\/camping-le-puigmal.fr\/wp-content\/uploads\/2020\/07\/Covid.jpg 1129w\" sizes=\"(max-width: 1024px) 100vw, 1024px\" \/><\/a><\/span><\/p>\n<p style=\"text-align: center;\"><span style=\"color: #000000;\"><strong>LA MASCARETA ES OBLIGATORIA EN TOTES LES INFRAESTRUCTURES DE CAMPING<\/strong><\/span><\/p>\n\t\t\t\t\t\t\t\t<\/div>\n\t\t\t\t<\/div>\n\t\t\t\t\t<\/div>\n\t\t<\/div>\n\t\t\t\t\t<\/div>\n\t\t<\/section>\n\t\t\t\t<\/div>\n\t\t","protected":false},"excerpt":{"rendered":"<p>Per poder-vos acollir en les millors condicions possibles, apliquem protocol sanitari del Govern i els \u00f2rgans professionals del turisme. Tenim a la vostra disposici\u00f3 gel hidroalcoholic en diferents punts del c\u00e0mping. S&#8217;ha posat en marxa una direcci\u00f3 de circulaci\u00f3 per no creuar les instal\u00b7lacions. A m\u00e9s, refor\u00e7em la neteja dels sanitaris amb un producte desinfectant.<\/p>\n<div class='read-more-button'><a class='read-more-link' href='https:\/\/camping-le-puigmal.fr\/ca\/benvinguda-al-camping\/protocol-sanitari\/' style='border: 1px solid #257a42'>Read more&#8230;<\/a><\/div>\n","protected":false},"author":2,"featured_media":0,"parent":433,"menu_order":0,"comment_status":"closed","ping_status":"closed","template":"","meta":{"footnotes":""},"class_list":["post-1304","page","type-page","status-publish","hentry"],"aioseo_notices":[],"_links":{"self":[{"href":"https:\/\/camping-le-puigmal.fr\/ca\/wp-json\/wp\/v2\/pages\/1304","targetHints":{"allow":["GET"]}}],"collection":[{"href":"https:\/\/camping-le-puigmal.fr\/ca\/wp-json\/wp\/v2\/pages"}],"about":[{"href":"https:\/\/camping-le-puigmal.fr\/ca\/wp-json\/wp\/v2\/types\/page"}],"author":[{"embeddable":true,"href":"https:\/\/camping-le-puigmal.fr\/ca\/wp-json\/wp\/v2\/users\/2"}],"replies":[{"embeddable":true,"href":"https:\/\/camping-le-puigmal.fr\/ca\/wp-json\/wp\/v2\/comments?post=1304"}],"version-history":[{"count":3,"href":"https:\/\/camping-le-puigmal.fr\/ca\/wp-json\/wp\/v2\/pages\/1304\/revisions"}],"predecessor-version":[{"id":1315,"href":"https:\/\/camping-le-puigmal.fr\/ca\/wp-json\/wp\/v2\/pages\/1304\/revisions\/1315"}],"up":[{"embeddable":true,"href":"https:\/\/camping-le-puigmal.fr\/ca\/wp-json\/wp\/v2\/pages\/433"}],"wp:attachment":[{"href":"https:\/\/camping-le-puigmal.fr\/ca\/wp-json\/wp\/v2\/media?parent=1304"}],"curies":[{"name":"wp","href":"https:\/\/api.w.org\/{rel}","templated":true}]}}